{"id":2398,"date":"2024-03-13T11:59:11","date_gmt":"2024-03-13T10:59:11","guid":{"rendered":"https:\/\/www.sdis57.fr\/home\/?page_id=2398"},"modified":"2024-07-04T09:34:57","modified_gmt":"2024-07-04T09:34:57","slug":"actualites","status":"publish","type":"page","link":"https:\/\/www.sdis57.fr\/home\/index.php\/actualites\/","title":{"rendered":"Actualit\u00e9s"},"content":{"rendered":"\t\t<div data-elementor-type=\"wp-page\" data-elementor-id=\"2398\" class=\"elementor elementor-2398\" data-elementor-post-type=\"page\">\n\t\t\t\t<div class=\"elementor-element elementor-element-b217dbb e-flex e-con-boxed e-con e-parent\" data-id=\"b217dbb\" data-element_type=\"container\" data-e-type=\"container\">\n\t\t\t\t\t<div class=\"e-con-inner\">\n\t\t\t\t<div class=\"elementor-element elementor-element-fae1281 elementor-widget elementor-widget-heading\" data-id=\"fae1281\" data-element_type=\"widget\" data-e-type=\"widget\" data-widget_type=\"heading.default\">\n\t\t\t\t<div class=\"elementor-widget-container\">\n\t\t\t\t\t<h1 class=\"elementor-heading-title elementor-size-default\">Actualit\u00e9s<\/h1>\t\t\t\t<\/div>\n\t\t\t\t<\/div>\n\t\t\t\t\t<\/div>\n\t\t\t\t<\/div>\n\t\t<div class=\"elementor-element elementor-element-2cde613 e-flex e-con-boxed e-con e-parent\" data-id=\"2cde613\" data-element_type=\"container\" data-e-type=\"container\">\n\t\t\t\t\t<div class=\"e-con-inner\">\n\t\t\t\t<div class=\"elementor-element elementor-element-d315dd7 elementor-widget elementor-widget-text-editor\" data-id=\"d315dd7\" data-element_type=\"widget\" data-e-type=\"widget\" data-widget_type=\"text-editor.default\">\n\t\t\t\t<div class=\"elementor-widget-container\">\n\t\t\t\t\t\t\t\t\t<p>Retrouvez sur cette page les derni\u00e8res actualit\u00e9s du Service d\u00e9partemental d&rsquo;incendie et de secours de la Moselle.<\/p>\t\t\t\t\t\t\t\t<\/div>\n\t\t\t\t<\/div>\n\t\t\t\t\t<\/div>\n\t\t\t\t<\/div>\n\t\t<div class=\"elementor-element elementor-element-a97ecda e-flex e-con-boxed e-con e-parent\" data-id=\"a97ecda\" data-element_type=\"container\" data-e-type=\"container\">\n\t\t\t\t\t<div class=\"e-con-inner\">\n\t\t\t\t<div class=\"elementor-element elementor-element-b6640ad elementor-grid-3 elementor-grid-tablet-2 elementor-grid-mobile-1 elementor-posts--thumbnail-top elementor-card-shadow-yes elementor-posts__hover-gradient elementor-widget elementor-widget-posts\" data-id=\"b6640ad\" data-element_type=\"widget\" data-e-type=\"widget\" data-settings=\"{&quot;cards_columns&quot;:&quot;3&quot;,&quot;cards_columns_tablet&quot;:&quot;2&quot;,&quot;cards_columns_mobile&quot;:&quot;1&quot;,&quot;cards_row_gap&quot;:{&quot;unit&quot;:&quot;px&quot;,&quot;size&quot;:35,&quot;sizes&quot;:[]},&quot;cards_row_gap_tablet&quot;:{&quot;unit&quot;:&quot;px&quot;,&quot;size&quot;:&quot;&quot;,&quot;sizes&quot;:[]},&quot;cards_row_gap_mobile&quot;:{&quot;unit&quot;:&quot;px&quot;,&quot;size&quot;:&quot;&quot;,&quot;sizes&quot;:[]}}\" data-widget_type=\"posts.cards\">\n\t\t\t\t<div class=\"elementor-widget-container\">\n\t\t\t\t\t\t\t<div class=\"elementor-posts-container elementor-posts elementor-posts--skin-cards elementor-grid\" role=\"list\">\n\t\t\t\t<article class=\"elementor-post elementor-grid-item post-8566 post type-post status-publish format-standard has-post-thumbnail hentry category-information\" role=\"listitem\">\n\t\t\t<div class=\"elementor-post__card\">\n\t\t\t\t<a class=\"elementor-post__thumbnail__link\" href=\"https:\/\/www.sdis57.fr\/home\/index.php\/2026\/02\/09\/rapport-dactivite-2025\/\" tabindex=\"-1\" ><div class=\"elementor-post__thumbnail\"><img fetchpriority=\"high\" decoding=\"async\" width=\"300\" height=\"300\" src=\"https:\/\/www.sdis57.fr\/home\/wp-content\/uploads\/2026\/01\/Rapport-activite-2025-SDIS57_Page_01-300x300.jpg\" class=\"attachment-medium size-medium wp-image-8478\" alt=\"\" srcset=\"https:\/\/www.sdis57.fr\/home\/wp-content\/uploads\/2026\/01\/Rapport-activite-2025-SDIS57_Page_01-300x300.jpg 300w, https:\/\/www.sdis57.fr\/home\/wp-content\/uploads\/2026\/01\/Rapport-activite-2025-SDIS57_Page_01-1024x1024.jpg 1024w, https:\/\/www.sdis57.fr\/home\/wp-content\/uploads\/2026\/01\/Rapport-activite-2025-SDIS57_Page_01-150x150.jpg 150w, https:\/\/www.sdis57.fr\/home\/wp-content\/uploads\/2026\/01\/Rapport-activite-2025-SDIS57_Page_01-768x768.jpg 768w, https:\/\/www.sdis57.fr\/home\/wp-content\/uploads\/2026\/01\/Rapport-activite-2025-SDIS57_Page_01-1536x1536.jpg 1536w, https:\/\/www.sdis57.fr\/home\/wp-content\/uploads\/2026\/01\/Rapport-activite-2025-SDIS57_Page_01-2048x2048.jpg 2048w\" sizes=\"(max-width: 300px) 100vw, 300px\" \/><\/div><\/a>\n\t\t\t\t<div class=\"elementor-post__text\">\n\t\t\t\t<h3 class=\"elementor-post__title\">\n\t\t\t<a href=\"https:\/\/www.sdis57.fr\/home\/index.php\/2026\/02\/09\/rapport-dactivite-2025\/\" >\n\t\t\t\tProt\u00e9ger, secourir, accompagner : 2025 avec les sapeurs-pompiers de la Moselle\t\t\t<\/a>\n\t\t<\/h3>\n\t\t\n\t\t<a class=\"elementor-post__read-more\" href=\"https:\/\/www.sdis57.fr\/home\/index.php\/2026\/02\/09\/rapport-dactivite-2025\/\" aria-label=\"En savoir plus sur Prot\u00e9ger, secourir, accompagner : 2025 avec les sapeurs-pompiers de la Moselle\" tabindex=\"-1\" >\n\t\t\tLire la suite \u00bb\t\t<\/a>\n\n\t\t\t\t<\/div>\n\t\t\t\t<div class=\"elementor-post__meta-data\">\n\t\t\t\t\t<span class=\"elementor-post-date\">\n\t\t\t9 f\u00e9vrier 2026\t\t<\/span>\n\t\t\t\t<\/div>\n\t\t\t\t\t<\/div>\n\t\t<\/article>\n\t\t\t\t<article class=\"elementor-post elementor-grid-item post-8153 post type-post status-publish format-standard has-post-thumbnail hentry category-evenement\" role=\"listitem\">\n\t\t\t<div class=\"elementor-post__card\">\n\t\t\t\t<a class=\"elementor-post__thumbnail__link\" href=\"https:\/\/www.sdis57.fr\/home\/index.php\/2025\/09\/15\/controleur-general-fabien-didier-nouveau-patron-des-sapeurs-pompiers-de-la-moselle\/\" tabindex=\"-1\" ><div class=\"elementor-post__thumbnail\"><img decoding=\"async\" width=\"300\" height=\"200\" src=\"https:\/\/www.sdis57.fr\/home\/wp-content\/uploads\/2025\/09\/15092025_AB2_3002_031-300x200.png\" class=\"attachment-medium size-medium wp-image-8148\" alt=\"\" srcset=\"https:\/\/www.sdis57.fr\/home\/wp-content\/uploads\/2025\/09\/15092025_AB2_3002_031-300x200.png 300w, https:\/\/www.sdis57.fr\/home\/wp-content\/uploads\/2025\/09\/15092025_AB2_3002_031-1024x681.png 1024w, https:\/\/www.sdis57.fr\/home\/wp-content\/uploads\/2025\/09\/15092025_AB2_3002_031-768x511.png 768w, https:\/\/www.sdis57.fr\/home\/wp-content\/uploads\/2025\/09\/15092025_AB2_3002_031-1536x1022.png 1536w, https:\/\/www.sdis57.fr\/home\/wp-content\/uploads\/2025\/09\/15092025_AB2_3002_031.png 1920w\" sizes=\"(max-width: 300px) 100vw, 300px\" \/><\/div><\/a>\n\t\t\t\t<div class=\"elementor-post__text\">\n\t\t\t\t<h3 class=\"elementor-post__title\">\n\t\t\t<a href=\"https:\/\/www.sdis57.fr\/home\/index.php\/2025\/09\/15\/controleur-general-fabien-didier-nouveau-patron-des-sapeurs-pompiers-de-la-moselle\/\" >\n\t\t\t\tContr\u00f4leur g\u00e9n\u00e9ral Fabien DIDIER, nouveau patron des sapeurs-pompiers de la Moselle\t\t\t<\/a>\n\t\t<\/h3>\n\t\t\n\t\t<a class=\"elementor-post__read-more\" href=\"https:\/\/www.sdis57.fr\/home\/index.php\/2025\/09\/15\/controleur-general-fabien-didier-nouveau-patron-des-sapeurs-pompiers-de-la-moselle\/\" aria-label=\"En savoir plus sur Contr\u00f4leur g\u00e9n\u00e9ral Fabien DIDIER, nouveau patron des sapeurs-pompiers de la Moselle\" tabindex=\"-1\" >\n\t\t\tLire la suite \u00bb\t\t<\/a>\n\n\t\t\t\t<\/div>\n\t\t\t\t<div class=\"elementor-post__meta-data\">\n\t\t\t\t\t<span class=\"elementor-post-date\">\n\t\t\t15 septembre 2025\t\t<\/span>\n\t\t\t\t<\/div>\n\t\t\t\t\t<\/div>\n\t\t<\/article>\n\t\t\t\t<article class=\"elementor-post elementor-grid-item post-7928 post type-post status-publish format-standard has-post-thumbnail hentry category-information\" role=\"listitem\">\n\t\t\t<div class=\"elementor-post__card\">\n\t\t\t\t<a class=\"elementor-post__thumbnail__link\" href=\"https:\/\/www.sdis57.fr\/home\/index.php\/2025\/06\/30\/journee-nationale-des-sapeurs-pompiers-a-amneville\/\" tabindex=\"-1\" ><div class=\"elementor-post__thumbnail\"><img decoding=\"async\" width=\"300\" height=\"200\" src=\"https:\/\/www.sdis57.fr\/home\/wp-content\/uploads\/2025\/06\/28062025_AB1_1278_015-300x200.jpg\" class=\"attachment-medium size-medium wp-image-7865\" alt=\"\" srcset=\"https:\/\/www.sdis57.fr\/home\/wp-content\/uploads\/2025\/06\/28062025_AB1_1278_015-300x200.jpg 300w, https:\/\/www.sdis57.fr\/home\/wp-content\/uploads\/2025\/06\/28062025_AB1_1278_015-1024x681.jpg 1024w, https:\/\/www.sdis57.fr\/home\/wp-content\/uploads\/2025\/06\/28062025_AB1_1278_015-768x511.jpg 768w, https:\/\/www.sdis57.fr\/home\/wp-content\/uploads\/2025\/06\/28062025_AB1_1278_015-1536x1022.jpg 1536w, https:\/\/www.sdis57.fr\/home\/wp-content\/uploads\/2025\/06\/28062025_AB1_1278_015.jpg 1920w\" sizes=\"(max-width: 300px) 100vw, 300px\" \/><\/div><\/a>\n\t\t\t\t<div class=\"elementor-post__text\">\n\t\t\t\t<h3 class=\"elementor-post__title\">\n\t\t\t<a href=\"https:\/\/www.sdis57.fr\/home\/index.php\/2025\/06\/30\/journee-nationale-des-sapeurs-pompiers-a-amneville\/\" >\n\t\t\t\tJourn\u00e9e nationale des sapeurs-pompiers \u00e0 Amn\u00e9ville\t\t\t<\/a>\n\t\t<\/h3>\n\t\t\n\t\t<a class=\"elementor-post__read-more\" href=\"https:\/\/www.sdis57.fr\/home\/index.php\/2025\/06\/30\/journee-nationale-des-sapeurs-pompiers-a-amneville\/\" aria-label=\"En savoir plus sur Journ\u00e9e nationale des sapeurs-pompiers \u00e0 Amn\u00e9ville\" tabindex=\"-1\" >\n\t\t\tLire la suite \u00bb\t\t<\/a>\n\n\t\t\t\t<\/div>\n\t\t\t\t<div class=\"elementor-post__meta-data\">\n\t\t\t\t\t<span class=\"elementor-post-date\">\n\t\t\t30 juin 2025\t\t<\/span>\n\t\t\t\t<\/div>\n\t\t\t\t\t<\/div>\n\t\t<\/article>\n\t\t\t\t<article class=\"elementor-post elementor-grid-item post-7679 post type-post status-publish format-standard has-post-thumbnail hentry category-information\" role=\"listitem\">\n\t\t\t<div class=\"elementor-post__card\">\n\t\t\t\t<a class=\"elementor-post__thumbnail__link\" href=\"https:\/\/www.sdis57.fr\/home\/index.php\/2025\/05\/15\/signature-dune-convention-entre-le-sdis-et-les-parquets-2\/\" tabindex=\"-1\" ><div class=\"elementor-post__thumbnail\"><img loading=\"lazy\" decoding=\"async\" width=\"300\" height=\"200\" src=\"https:\/\/www.sdis57.fr\/home\/wp-content\/uploads\/2025\/05\/14052025_AB1_0033_018-300x200.jpg\" class=\"attachment-medium size-medium wp-image-7670\" alt=\"\" srcset=\"https:\/\/www.sdis57.fr\/home\/wp-content\/uploads\/2025\/05\/14052025_AB1_0033_018-300x200.jpg 300w, https:\/\/www.sdis57.fr\/home\/wp-content\/uploads\/2025\/05\/14052025_AB1_0033_018-1024x682.jpg 1024w, https:\/\/www.sdis57.fr\/home\/wp-content\/uploads\/2025\/05\/14052025_AB1_0033_018-768x511.jpg 768w, https:\/\/www.sdis57.fr\/home\/wp-content\/uploads\/2025\/05\/14052025_AB1_0033_018-1536x1022.jpg 1536w, https:\/\/www.sdis57.fr\/home\/wp-content\/uploads\/2025\/05\/14052025_AB1_0033_018.jpg 1920w\" sizes=\"(max-width: 300px) 100vw, 300px\" \/><\/div><\/a>\n\t\t\t\t<div class=\"elementor-post__text\">\n\t\t\t\t<h3 class=\"elementor-post__title\">\n\t\t\t<a href=\"https:\/\/www.sdis57.fr\/home\/index.php\/2025\/05\/15\/signature-dune-convention-entre-le-sdis-et-les-parquets-2\/\" >\n\t\t\t\tFeux de for\u00eat : exercice grandeur nature \u00e0 Moyeuvre-Grande\t\t\t<\/a>\n\t\t<\/h3>\n\t\t\n\t\t<a class=\"elementor-post__read-more\" href=\"https:\/\/www.sdis57.fr\/home\/index.php\/2025\/05\/15\/signature-dune-convention-entre-le-sdis-et-les-parquets-2\/\" aria-label=\"En savoir plus sur Feux de for\u00eat : exercice grandeur nature \u00e0 Moyeuvre-Grande\" tabindex=\"-1\" >\n\t\t\tLire la suite \u00bb\t\t<\/a>\n\n\t\t\t\t<\/div>\n\t\t\t\t<div class=\"elementor-post__meta-data\">\n\t\t\t\t\t<span class=\"elementor-post-date\">\n\t\t\t15 mai 2025\t\t<\/span>\n\t\t\t\t<\/div>\n\t\t\t\t\t<\/div>\n\t\t<\/article>\n\t\t\t\t<article class=\"elementor-post elementor-grid-item post-7428 post type-post status-publish format-standard has-post-thumbnail hentry category-information\" role=\"listitem\">\n\t\t\t<div class=\"elementor-post__card\">\n\t\t\t\t<a class=\"elementor-post__thumbnail__link\" href=\"https:\/\/www.sdis57.fr\/home\/index.php\/2025\/03\/22\/signature-dune-convention-entre-le-sdis-et-les-parquets\/\" tabindex=\"-1\" ><div class=\"elementor-post__thumbnail\"><img loading=\"lazy\" decoding=\"async\" width=\"300\" height=\"200\" src=\"https:\/\/www.sdis57.fr\/home\/wp-content\/uploads\/2025\/03\/20032025_AB1_8765_006-300x200.jpg\" class=\"attachment-medium size-medium wp-image-7429\" alt=\"\" srcset=\"https:\/\/www.sdis57.fr\/home\/wp-content\/uploads\/2025\/03\/20032025_AB1_8765_006-300x200.jpg 300w, https:\/\/www.sdis57.fr\/home\/wp-content\/uploads\/2025\/03\/20032025_AB1_8765_006-1024x681.jpg 1024w, https:\/\/www.sdis57.fr\/home\/wp-content\/uploads\/2025\/03\/20032025_AB1_8765_006-768x511.jpg 768w, https:\/\/www.sdis57.fr\/home\/wp-content\/uploads\/2025\/03\/20032025_AB1_8765_006-1536x1022.jpg 1536w, https:\/\/www.sdis57.fr\/home\/wp-content\/uploads\/2025\/03\/20032025_AB1_8765_006-2048x1363.jpg 2048w\" sizes=\"(max-width: 300px) 100vw, 300px\" \/><\/div><\/a>\n\t\t\t\t<div class=\"elementor-post__text\">\n\t\t\t\t<h3 class=\"elementor-post__title\">\n\t\t\t<a href=\"https:\/\/www.sdis57.fr\/home\/index.php\/2025\/03\/22\/signature-dune-convention-entre-le-sdis-et-les-parquets\/\" >\n\t\t\t\tSignature d&rsquo;une convention entre le SDIS et les Parquets\t\t\t<\/a>\n\t\t<\/h3>\n\t\t\n\t\t<a class=\"elementor-post__read-more\" href=\"https:\/\/www.sdis57.fr\/home\/index.php\/2025\/03\/22\/signature-dune-convention-entre-le-sdis-et-les-parquets\/\" aria-label=\"En savoir plus sur Signature d&rsquo;une convention entre le SDIS et les Parquets\" tabindex=\"-1\" >\n\t\t\tLire la suite \u00bb\t\t<\/a>\n\n\t\t\t\t<\/div>\n\t\t\t\t<div class=\"elementor-post__meta-data\">\n\t\t\t\t\t<span class=\"elementor-post-date\">\n\t\t\t22 mars 2025\t\t<\/span>\n\t\t\t\t<\/div>\n\t\t\t\t\t<\/div>\n\t\t<\/article>\n\t\t\t\t<article class=\"elementor-post elementor-grid-item post-7199 post type-post status-publish format-standard has-post-thumbnail hentry category-information\" role=\"listitem\">\n\t\t\t<div class=\"elementor-post__card\">\n\t\t\t\t<a class=\"elementor-post__thumbnail__link\" href=\"https:\/\/www.sdis57.fr\/home\/index.php\/2025\/02\/13\/rapport-dactivite-2024\/\" tabindex=\"-1\" ><div class=\"elementor-post__thumbnail\"><img loading=\"lazy\" decoding=\"async\" width=\"300\" height=\"188\" src=\"https:\/\/www.sdis57.fr\/home\/wp-content\/uploads\/2025\/02\/Couv-RA24-300x188.jpg\" class=\"attachment-medium size-medium wp-image-7211\" alt=\"\" srcset=\"https:\/\/www.sdis57.fr\/home\/wp-content\/uploads\/2025\/02\/Couv-RA24-300x188.jpg 300w, https:\/\/www.sdis57.fr\/home\/wp-content\/uploads\/2025\/02\/Couv-RA24-1024x640.jpg 1024w, https:\/\/www.sdis57.fr\/home\/wp-content\/uploads\/2025\/02\/Couv-RA24-768x480.jpg 768w, https:\/\/www.sdis57.fr\/home\/wp-content\/uploads\/2025\/02\/Couv-RA24-1536x960.jpg 1536w, https:\/\/www.sdis57.fr\/home\/wp-content\/uploads\/2025\/02\/Couv-RA24-2048x1280.jpg 2048w\" sizes=\"(max-width: 300px) 100vw, 300px\" \/><\/div><\/a>\n\t\t\t\t<div class=\"elementor-post__text\">\n\t\t\t\t<h3 class=\"elementor-post__title\">\n\t\t\t<a href=\"https:\/\/www.sdis57.fr\/home\/index.php\/2025\/02\/13\/rapport-dactivite-2024\/\" >\n\t\t\t\tRapport d&rsquo;activit\u00e9 2024\t\t\t<\/a>\n\t\t<\/h3>\n\t\t\n\t\t<a class=\"elementor-post__read-more\" href=\"https:\/\/www.sdis57.fr\/home\/index.php\/2025\/02\/13\/rapport-dactivite-2024\/\" aria-label=\"En savoir plus sur Rapport d&rsquo;activit\u00e9 2024\" tabindex=\"-1\" >\n\t\t\tLire la suite \u00bb\t\t<\/a>\n\n\t\t\t\t<\/div>\n\t\t\t\t<div class=\"elementor-post__meta-data\">\n\t\t\t\t\t<span class=\"elementor-post-date\">\n\t\t\t13 f\u00e9vrier 2025\t\t<\/span>\n\t\t\t\t<\/div>\n\t\t\t\t\t<\/div>\n\t\t<\/article>\n\t\t\t\t<article class=\"elementor-post elementor-grid-item post-7193 post type-post status-publish format-standard has-post-thumbnail hentry category-vie-du-corps\" role=\"listitem\">\n\t\t\t<div class=\"elementor-post__card\">\n\t\t\t\t<a class=\"elementor-post__thumbnail__link\" href=\"https:\/\/www.sdis57.fr\/home\/index.php\/2025\/02\/13\/voeux-de-la-gouvernance-du-sdis-et-mises-a-lhonneur\/\" tabindex=\"-1\" ><div class=\"elementor-post__thumbnail\"><img loading=\"lazy\" decoding=\"async\" width=\"300\" height=\"200\" src=\"https:\/\/www.sdis57.fr\/home\/wp-content\/uploads\/2025\/02\/29012025_AB1_6645_006-300x200.jpg\" class=\"attachment-medium size-medium wp-image-7175\" alt=\"\" srcset=\"https:\/\/www.sdis57.fr\/home\/wp-content\/uploads\/2025\/02\/29012025_AB1_6645_006-300x200.jpg 300w, https:\/\/www.sdis57.fr\/home\/wp-content\/uploads\/2025\/02\/29012025_AB1_6645_006-1024x681.jpg 1024w, https:\/\/www.sdis57.fr\/home\/wp-content\/uploads\/2025\/02\/29012025_AB1_6645_006-768x511.jpg 768w, https:\/\/www.sdis57.fr\/home\/wp-content\/uploads\/2025\/02\/29012025_AB1_6645_006-1536x1022.jpg 1536w, https:\/\/www.sdis57.fr\/home\/wp-content\/uploads\/2025\/02\/29012025_AB1_6645_006.jpg 1920w\" sizes=\"(max-width: 300px) 100vw, 300px\" \/><\/div><\/a>\n\t\t\t\t<div class=\"elementor-post__text\">\n\t\t\t\t<h3 class=\"elementor-post__title\">\n\t\t\t<a href=\"https:\/\/www.sdis57.fr\/home\/index.php\/2025\/02\/13\/voeux-de-la-gouvernance-du-sdis-et-mises-a-lhonneur\/\" >\n\t\t\t\tV\u0153ux de la Gouvernance du SDIS et mises \u00e0 l&rsquo;honneur\t\t\t<\/a>\n\t\t<\/h3>\n\t\t\n\t\t<a class=\"elementor-post__read-more\" href=\"https:\/\/www.sdis57.fr\/home\/index.php\/2025\/02\/13\/voeux-de-la-gouvernance-du-sdis-et-mises-a-lhonneur\/\" aria-label=\"En savoir plus sur V\u0153ux de la Gouvernance du SDIS et mises \u00e0 l&rsquo;honneur\" tabindex=\"-1\" >\n\t\t\tLire la suite \u00bb\t\t<\/a>\n\n\t\t\t\t<\/div>\n\t\t\t\t<div class=\"elementor-post__meta-data\">\n\t\t\t\t\t<span class=\"elementor-post-date\">\n\t\t\t13 f\u00e9vrier 2025\t\t<\/span>\n\t\t\t\t<\/div>\n\t\t\t\t\t<\/div>\n\t\t<\/article>\n\t\t\t\t<article class=\"elementor-post elementor-grid-item post-6568 post type-post status-publish format-standard has-post-thumbnail hentry category-vie-du-corps\" role=\"listitem\">\n\t\t\t<div class=\"elementor-post__card\">\n\t\t\t\t<a class=\"elementor-post__thumbnail__link\" href=\"https:\/\/www.sdis57.fr\/home\/index.php\/2024\/12\/06\/pres-de-400-personnes-pour-celebrer-sainte-barbe\/\" tabindex=\"-1\" ><div class=\"elementor-post__thumbnail\"><img loading=\"lazy\" decoding=\"async\" width=\"300\" height=\"200\" src=\"https:\/\/www.sdis57.fr\/home\/wp-content\/uploads\/2024\/12\/06122024_AB1_5152_006-300x200.jpg\" class=\"attachment-medium size-medium wp-image-6537\" alt=\"\" srcset=\"https:\/\/www.sdis57.fr\/home\/wp-content\/uploads\/2024\/12\/06122024_AB1_5152_006-300x200.jpg 300w, https:\/\/www.sdis57.fr\/home\/wp-content\/uploads\/2024\/12\/06122024_AB1_5152_006-1024x681.jpg 1024w, https:\/\/www.sdis57.fr\/home\/wp-content\/uploads\/2024\/12\/06122024_AB1_5152_006-768x511.jpg 768w, https:\/\/www.sdis57.fr\/home\/wp-content\/uploads\/2024\/12\/06122024_AB1_5152_006-1536x1022.jpg 1536w, https:\/\/www.sdis57.fr\/home\/wp-content\/uploads\/2024\/12\/06122024_AB1_5152_006.jpg 1920w\" sizes=\"(max-width: 300px) 100vw, 300px\" \/><\/div><\/a>\n\t\t\t\t<div class=\"elementor-post__text\">\n\t\t\t\t<h3 class=\"elementor-post__title\">\n\t\t\t<a href=\"https:\/\/www.sdis57.fr\/home\/index.php\/2024\/12\/06\/pres-de-400-personnes-pour-celebrer-sainte-barbe\/\" >\n\t\t\t\tPr\u00e8s de 400 personnes rassembl\u00e9es pour c\u00e9l\u00e9brer Sainte-Barbe !\t\t\t<\/a>\n\t\t<\/h3>\n\t\t\n\t\t<a class=\"elementor-post__read-more\" href=\"https:\/\/www.sdis57.fr\/home\/index.php\/2024\/12\/06\/pres-de-400-personnes-pour-celebrer-sainte-barbe\/\" aria-label=\"En savoir plus sur Pr\u00e8s de 400 personnes rassembl\u00e9es pour c\u00e9l\u00e9brer Sainte-Barbe !\" tabindex=\"-1\" >\n\t\t\tLire la suite \u00bb\t\t<\/a>\n\n\t\t\t\t<\/div>\n\t\t\t\t<div class=\"elementor-post__meta-data\">\n\t\t\t\t\t<span class=\"elementor-post-date\">\n\t\t\t6 d\u00e9cembre 2024\t\t<\/span>\n\t\t\t\t<\/div>\n\t\t\t\t\t<\/div>\n\t\t<\/article>\n\t\t\t\t<article class=\"elementor-post elementor-grid-item post-6380 post type-post status-publish format-standard has-post-thumbnail hentry category-vie-du-corps\" role=\"listitem\">\n\t\t\t<div class=\"elementor-post__card\">\n\t\t\t\t<a class=\"elementor-post__thumbnail__link\" href=\"https:\/\/www.sdis57.fr\/home\/index.php\/2024\/11\/13\/une-nouvelle-caserne-pour-les-sapeurs-pompiers-de-guenange-et-illange-dici-2027-2\/\" tabindex=\"-1\" ><div class=\"elementor-post__thumbnail\"><img loading=\"lazy\" decoding=\"async\" width=\"300\" height=\"200\" src=\"https:\/\/www.sdis57.fr\/home\/wp-content\/uploads\/2024\/11\/12112024_AB1_4950_010-300x200.jpg\" class=\"attachment-medium size-medium wp-image-6367\" alt=\"\" srcset=\"https:\/\/www.sdis57.fr\/home\/wp-content\/uploads\/2024\/11\/12112024_AB1_4950_010-300x200.jpg 300w, https:\/\/www.sdis57.fr\/home\/wp-content\/uploads\/2024\/11\/12112024_AB1_4950_010-1024x681.jpg 1024w, https:\/\/www.sdis57.fr\/home\/wp-content\/uploads\/2024\/11\/12112024_AB1_4950_010-768x511.jpg 768w, https:\/\/www.sdis57.fr\/home\/wp-content\/uploads\/2024\/11\/12112024_AB1_4950_010-1536x1022.jpg 1536w, https:\/\/www.sdis57.fr\/home\/wp-content\/uploads\/2024\/11\/12112024_AB1_4950_010.jpg 1920w\" sizes=\"(max-width: 300px) 100vw, 300px\" \/><\/div><\/a>\n\t\t\t\t<div class=\"elementor-post__text\">\n\t\t\t\t<h3 class=\"elementor-post__title\">\n\t\t\t<a href=\"https:\/\/www.sdis57.fr\/home\/index.php\/2024\/11\/13\/une-nouvelle-caserne-pour-les-sapeurs-pompiers-de-guenange-et-illange-dici-2027-2\/\" >\n\t\t\t\tUne nouvelle caserne pour les sapeurs-pompiers de Meisenthal et Soucht !\t\t\t<\/a>\n\t\t<\/h3>\n\t\t\n\t\t<a class=\"elementor-post__read-more\" href=\"https:\/\/www.sdis57.fr\/home\/index.php\/2024\/11\/13\/une-nouvelle-caserne-pour-les-sapeurs-pompiers-de-guenange-et-illange-dici-2027-2\/\" aria-label=\"En savoir plus sur Une nouvelle caserne pour les sapeurs-pompiers de Meisenthal et Soucht !\" tabindex=\"-1\" >\n\t\t\tLire la suite \u00bb\t\t<\/a>\n\n\t\t\t\t<\/div>\n\t\t\t\t<div class=\"elementor-post__meta-data\">\n\t\t\t\t\t<span class=\"elementor-post-date\">\n\t\t\t13 novembre 2024\t\t<\/span>\n\t\t\t\t<\/div>\n\t\t\t\t\t<\/div>\n\t\t<\/article>\n\t\t\t\t<article class=\"elementor-post elementor-grid-item post-6149 post type-post status-publish format-standard has-post-thumbnail hentry category-operationnel\" role=\"listitem\">\n\t\t\t<div class=\"elementor-post__card\">\n\t\t\t\t<a class=\"elementor-post__thumbnail__link\" href=\"https:\/\/www.sdis57.fr\/home\/index.php\/2024\/10\/25\/des-sapeurs-pompiers-mosellans-en-renfort-dans-le-sud-est-suite-aux-inondations\/\" tabindex=\"-1\" ><div class=\"elementor-post__thumbnail\"><img loading=\"lazy\" decoding=\"async\" width=\"300\" height=\"225\" src=\"https:\/\/www.sdis57.fr\/home\/wp-content\/uploads\/2024\/10\/19102024_6c9e3fd4-7c35-4b90-b68f-d0d9850eabd7-2_005-300x225.jpg\" class=\"attachment-medium size-medium wp-image-6135\" alt=\"\" srcset=\"https:\/\/www.sdis57.fr\/home\/wp-content\/uploads\/2024\/10\/19102024_6c9e3fd4-7c35-4b90-b68f-d0d9850eabd7-2_005-300x225.jpg 300w, https:\/\/www.sdis57.fr\/home\/wp-content\/uploads\/2024\/10\/19102024_6c9e3fd4-7c35-4b90-b68f-d0d9850eabd7-2_005-1024x768.jpg 1024w, https:\/\/www.sdis57.fr\/home\/wp-content\/uploads\/2024\/10\/19102024_6c9e3fd4-7c35-4b90-b68f-d0d9850eabd7-2_005-768x576.jpg 768w, https:\/\/www.sdis57.fr\/home\/wp-content\/uploads\/2024\/10\/19102024_6c9e3fd4-7c35-4b90-b68f-d0d9850eabd7-2_005-1536x1152.jpg 1536w, https:\/\/www.sdis57.fr\/home\/wp-content\/uploads\/2024\/10\/19102024_6c9e3fd4-7c35-4b90-b68f-d0d9850eabd7-2_005.jpg 1600w\" sizes=\"(max-width: 300px) 100vw, 300px\" \/><\/div><\/a>\n\t\t\t\t<div class=\"elementor-post__text\">\n\t\t\t\t<h3 class=\"elementor-post__title\">\n\t\t\t<a href=\"https:\/\/www.sdis57.fr\/home\/index.php\/2024\/10\/25\/des-sapeurs-pompiers-mosellans-en-renfort-dans-le-sud-est-suite-aux-inondations\/\" >\n\t\t\t\tDes sapeurs-pompiers mosellans en renfort dans le Sud Est suite aux inondations.\t\t\t<\/a>\n\t\t<\/h3>\n\t\t\n\t\t<a class=\"elementor-post__read-more\" href=\"https:\/\/www.sdis57.fr\/home\/index.php\/2024\/10\/25\/des-sapeurs-pompiers-mosellans-en-renfort-dans-le-sud-est-suite-aux-inondations\/\" aria-label=\"En savoir plus sur Des sapeurs-pompiers mosellans en renfort dans le Sud Est suite aux inondations.\" tabindex=\"-1\" >\n\t\t\tLire la suite \u00bb\t\t<\/a>\n\n\t\t\t\t<\/div>\n\t\t\t\t<div class=\"elementor-post__meta-data\">\n\t\t\t\t\t<span class=\"elementor-post-date\">\n\t\t\t25 octobre 2024\t\t<\/span>\n\t\t\t\t<\/div>\n\t\t\t\t\t<\/div>\n\t\t<\/article>\n\t\t\t\t<article class=\"elementor-post elementor-grid-item post-6121 post type-post status-publish format-standard has-post-thumbnail hentry category-formation\" role=\"listitem\">\n\t\t\t<div class=\"elementor-post__card\">\n\t\t\t\t<a class=\"elementor-post__thumbnail__link\" href=\"https:\/\/www.sdis57.fr\/home\/index.php\/2024\/10\/23\/une-formation-inedite-de-gestion-de-crise-pour-des-elus-locaux\/\" tabindex=\"-1\" ><div class=\"elementor-post__thumbnail\"><img loading=\"lazy\" decoding=\"async\" width=\"300\" height=\"200\" src=\"https:\/\/www.sdis57.fr\/home\/wp-content\/uploads\/2024\/10\/23102024_AB1_4607_015-300x200.jpg\" class=\"attachment-medium size-medium wp-image-6120\" alt=\"\" srcset=\"https:\/\/www.sdis57.fr\/home\/wp-content\/uploads\/2024\/10\/23102024_AB1_4607_015-300x200.jpg 300w, https:\/\/www.sdis57.fr\/home\/wp-content\/uploads\/2024\/10\/23102024_AB1_4607_015-1024x681.jpg 1024w, https:\/\/www.sdis57.fr\/home\/wp-content\/uploads\/2024\/10\/23102024_AB1_4607_015-768x511.jpg 768w, https:\/\/www.sdis57.fr\/home\/wp-content\/uploads\/2024\/10\/23102024_AB1_4607_015-1536x1022.jpg 1536w, https:\/\/www.sdis57.fr\/home\/wp-content\/uploads\/2024\/10\/23102024_AB1_4607_015.jpg 1920w\" sizes=\"(max-width: 300px) 100vw, 300px\" \/><\/div><\/a>\n\t\t\t\t<div class=\"elementor-post__text\">\n\t\t\t\t<h3 class=\"elementor-post__title\">\n\t\t\t<a href=\"https:\/\/www.sdis57.fr\/home\/index.php\/2024\/10\/23\/une-formation-inedite-de-gestion-de-crise-pour-des-elus-locaux\/\" >\n\t\t\t\tUne formation in\u00e9dite de gestion de crise pour des \u00e9lus locaux !\t\t\t<\/a>\n\t\t<\/h3>\n\t\t\n\t\t<a class=\"elementor-post__read-more\" href=\"https:\/\/www.sdis57.fr\/home\/index.php\/2024\/10\/23\/une-formation-inedite-de-gestion-de-crise-pour-des-elus-locaux\/\" aria-label=\"En savoir plus sur Une formation in\u00e9dite de gestion de crise pour des \u00e9lus locaux !\" tabindex=\"-1\" >\n\t\t\tLire la suite \u00bb\t\t<\/a>\n\n\t\t\t\t<\/div>\n\t\t\t\t<div class=\"elementor-post__meta-data\">\n\t\t\t\t\t<span class=\"elementor-post-date\">\n\t\t\t23 octobre 2024\t\t<\/span>\n\t\t\t\t<\/div>\n\t\t\t\t\t<\/div>\n\t\t<\/article>\n\t\t\t\t<article class=\"elementor-post elementor-grid-item post-6081 post type-post status-publish format-standard has-post-thumbnail hentry category-evenement\" role=\"listitem\">\n\t\t\t<div class=\"elementor-post__card\">\n\t\t\t\t<a class=\"elementor-post__thumbnail__link\" href=\"https:\/\/www.sdis57.fr\/home\/index.php\/2024\/10\/21\/plus-de-1-000-participants-au-cross-departemental-a-saint-avold\/\" tabindex=\"-1\" ><div class=\"elementor-post__thumbnail\"><img loading=\"lazy\" decoding=\"async\" width=\"300\" height=\"199\" src=\"https:\/\/www.sdis57.fr\/home\/wp-content\/uploads\/2024\/10\/19102024_AB2_4873_004-300x199.jpg\" class=\"attachment-medium size-medium wp-image-6041\" alt=\"\" srcset=\"https:\/\/www.sdis57.fr\/home\/wp-content\/uploads\/2024\/10\/19102024_AB2_4873_004-300x199.jpg 300w, https:\/\/www.sdis57.fr\/home\/wp-content\/uploads\/2024\/10\/19102024_AB2_4873_004-1024x681.jpg 1024w, https:\/\/www.sdis57.fr\/home\/wp-content\/uploads\/2024\/10\/19102024_AB2_4873_004-768x511.jpg 768w, https:\/\/www.sdis57.fr\/home\/wp-content\/uploads\/2024\/10\/19102024_AB2_4873_004.jpg 1280w\" sizes=\"(max-width: 300px) 100vw, 300px\" \/><\/div><\/a>\n\t\t\t\t<div class=\"elementor-post__text\">\n\t\t\t\t<h3 class=\"elementor-post__title\">\n\t\t\t<a href=\"https:\/\/www.sdis57.fr\/home\/index.php\/2024\/10\/21\/plus-de-1-000-participants-au-cross-departemental-a-saint-avold\/\" >\n\t\t\t\tPlus de 1 000 participants au Cross d\u00e9partemental \u00e0 Saint-Avold !\t\t\t<\/a>\n\t\t<\/h3>\n\t\t\n\t\t<a class=\"elementor-post__read-more\" href=\"https:\/\/www.sdis57.fr\/home\/index.php\/2024\/10\/21\/plus-de-1-000-participants-au-cross-departemental-a-saint-avold\/\" aria-label=\"En savoir plus sur Plus de 1 000 participants au Cross d\u00e9partemental \u00e0 Saint-Avold !\" tabindex=\"-1\" >\n\t\t\tLire la suite \u00bb\t\t<\/a>\n\n\t\t\t\t<\/div>\n\t\t\t\t<div class=\"elementor-post__meta-data\">\n\t\t\t\t\t<span class=\"elementor-post-date\">\n\t\t\t21 octobre 2024\t\t<\/span>\n\t\t\t\t<\/div>\n\t\t\t\t\t<\/div>\n\t\t<\/article>\n\t\t\t\t<article class=\"elementor-post elementor-grid-item post-5893 post type-post status-publish format-standard has-post-thumbnail hentry category-formation\" role=\"listitem\">\n\t\t\t<div class=\"elementor-post__card\">\n\t\t\t\t<a class=\"elementor-post__thumbnail__link\" href=\"https:\/\/www.sdis57.fr\/home\/index.php\/2024\/10\/14\/formation-usar-3-un-stage-intensif\/\" tabindex=\"-1\" ><div class=\"elementor-post__thumbnail\"><img loading=\"lazy\" decoding=\"async\" width=\"300\" height=\"200\" src=\"https:\/\/www.sdis57.fr\/home\/wp-content\/uploads\/2024\/10\/09102024_AB1_4141_031-300x200.jpg\" class=\"attachment-medium size-medium wp-image-5902\" alt=\"\" srcset=\"https:\/\/www.sdis57.fr\/home\/wp-content\/uploads\/2024\/10\/09102024_AB1_4141_031-300x200.jpg 300w, https:\/\/www.sdis57.fr\/home\/wp-content\/uploads\/2024\/10\/09102024_AB1_4141_031-1024x681.jpg 1024w, https:\/\/www.sdis57.fr\/home\/wp-content\/uploads\/2024\/10\/09102024_AB1_4141_031-768x511.jpg 768w, https:\/\/www.sdis57.fr\/home\/wp-content\/uploads\/2024\/10\/09102024_AB1_4141_031-1536x1022.jpg 1536w, https:\/\/www.sdis57.fr\/home\/wp-content\/uploads\/2024\/10\/09102024_AB1_4141_031.jpg 1920w\" sizes=\"(max-width: 300px) 100vw, 300px\" \/><\/div><\/a>\n\t\t\t\t<div class=\"elementor-post__text\">\n\t\t\t\t<h3 class=\"elementor-post__title\">\n\t\t\t<a href=\"https:\/\/www.sdis57.fr\/home\/index.php\/2024\/10\/14\/formation-usar-3-un-stage-intensif\/\" >\n\t\t\t\tFormation USAR 3 : un stage intensif !\t\t\t<\/a>\n\t\t<\/h3>\n\t\t\n\t\t<a class=\"elementor-post__read-more\" href=\"https:\/\/www.sdis57.fr\/home\/index.php\/2024\/10\/14\/formation-usar-3-un-stage-intensif\/\" aria-label=\"En savoir plus sur Formation USAR 3 : un stage intensif !\" tabindex=\"-1\" >\n\t\t\tLire la suite \u00bb\t\t<\/a>\n\n\t\t\t\t<\/div>\n\t\t\t\t<div class=\"elementor-post__meta-data\">\n\t\t\t\t\t<span class=\"elementor-post-date\">\n\t\t\t14 octobre 2024\t\t<\/span>\n\t\t\t\t<\/div>\n\t\t\t\t\t<\/div>\n\t\t<\/article>\n\t\t\t\t<article class=\"elementor-post elementor-grid-item post-5865 post type-post status-publish format-standard has-post-thumbnail hentry category-evenement\" role=\"listitem\">\n\t\t\t<div class=\"elementor-post__card\">\n\t\t\t\t<a class=\"elementor-post__thumbnail__link\" href=\"https:\/\/www.sdis57.fr\/home\/index.php\/2024\/10\/13\/journee-de-la-resilience-a-moyeuvre-grande-mobilises-face-aux-risques\/\" tabindex=\"-1\" ><div class=\"elementor-post__thumbnail\"><img loading=\"lazy\" decoding=\"async\" width=\"300\" height=\"200\" src=\"https:\/\/www.sdis57.fr\/home\/wp-content\/uploads\/2024\/10\/13102024_AB2_4709_010-300x200.jpg\" class=\"attachment-medium size-medium wp-image-5847\" alt=\"\" srcset=\"https:\/\/www.sdis57.fr\/home\/wp-content\/uploads\/2024\/10\/13102024_AB2_4709_010-300x200.jpg 300w, https:\/\/www.sdis57.fr\/home\/wp-content\/uploads\/2024\/10\/13102024_AB2_4709_010-1024x681.jpg 1024w, https:\/\/www.sdis57.fr\/home\/wp-content\/uploads\/2024\/10\/13102024_AB2_4709_010-768x511.jpg 768w, https:\/\/www.sdis57.fr\/home\/wp-content\/uploads\/2024\/10\/13102024_AB2_4709_010-1536x1022.jpg 1536w, https:\/\/www.sdis57.fr\/home\/wp-content\/uploads\/2024\/10\/13102024_AB2_4709_010.jpg 1920w\" sizes=\"(max-width: 300px) 100vw, 300px\" \/><\/div><\/a>\n\t\t\t\t<div class=\"elementor-post__text\">\n\t\t\t\t<h3 class=\"elementor-post__title\">\n\t\t\t<a href=\"https:\/\/www.sdis57.fr\/home\/index.php\/2024\/10\/13\/journee-de-la-resilience-a-moyeuvre-grande-mobilises-face-aux-risques\/\" >\n\t\t\t\tJourn\u00e9e de la R\u00e9silience \u00e0 Moyeuvre-Grande : tous mobilis\u00e9s face aux risques !\t\t\t<\/a>\n\t\t<\/h3>\n\t\t\n\t\t<a class=\"elementor-post__read-more\" href=\"https:\/\/www.sdis57.fr\/home\/index.php\/2024\/10\/13\/journee-de-la-resilience-a-moyeuvre-grande-mobilises-face-aux-risques\/\" aria-label=\"En savoir plus sur Journ\u00e9e de la R\u00e9silience \u00e0 Moyeuvre-Grande : tous mobilis\u00e9s face aux risques !\" tabindex=\"-1\" >\n\t\t\tLire la suite \u00bb\t\t<\/a>\n\n\t\t\t\t<\/div>\n\t\t\t\t<div class=\"elementor-post__meta-data\">\n\t\t\t\t\t<span class=\"elementor-post-date\">\n\t\t\t13 octobre 2024\t\t<\/span>\n\t\t\t\t<\/div>\n\t\t\t\t\t<\/div>\n\t\t<\/article>\n\t\t\t\t<article class=\"elementor-post elementor-grid-item post-5803 post type-post status-publish format-standard has-post-thumbnail hentry category-volontariat\" role=\"listitem\">\n\t\t\t<div class=\"elementor-post__card\">\n\t\t\t\t<a class=\"elementor-post__thumbnail__link\" href=\"https:\/\/www.sdis57.fr\/home\/index.php\/2024\/10\/11\/une-nouvelle-caserne-pour-les-sapeurs-pompiers-de-guenange-et-illange-dici-2027\/\" tabindex=\"-1\" ><div class=\"elementor-post__thumbnail\"><img loading=\"lazy\" decoding=\"async\" width=\"300\" height=\"200\" src=\"https:\/\/www.sdis57.fr\/home\/wp-content\/uploads\/2024\/10\/10102024_AB2_4641_011-300x200.jpg\" class=\"attachment-medium size-medium wp-image-5802\" alt=\"\" srcset=\"https:\/\/www.sdis57.fr\/home\/wp-content\/uploads\/2024\/10\/10102024_AB2_4641_011-300x200.jpg 300w, https:\/\/www.sdis57.fr\/home\/wp-content\/uploads\/2024\/10\/10102024_AB2_4641_011-1024x681.jpg 1024w, https:\/\/www.sdis57.fr\/home\/wp-content\/uploads\/2024\/10\/10102024_AB2_4641_011-768x511.jpg 768w, https:\/\/www.sdis57.fr\/home\/wp-content\/uploads\/2024\/10\/10102024_AB2_4641_011-1536x1022.jpg 1536w, https:\/\/www.sdis57.fr\/home\/wp-content\/uploads\/2024\/10\/10102024_AB2_4641_011-2048x1363.jpg 2048w\" sizes=\"(max-width: 300px) 100vw, 300px\" \/><\/div><\/a>\n\t\t\t\t<div class=\"elementor-post__text\">\n\t\t\t\t<h3 class=\"elementor-post__title\">\n\t\t\t<a href=\"https:\/\/www.sdis57.fr\/home\/index.php\/2024\/10\/11\/une-nouvelle-caserne-pour-les-sapeurs-pompiers-de-guenange-et-illange-dici-2027\/\" >\n\t\t\t\tUn contrat local d&rsquo;engagement pour p\u00e9renniser le volontariat de sapeurs-pompiers.\t\t\t<\/a>\n\t\t<\/h3>\n\t\t\n\t\t<a class=\"elementor-post__read-more\" href=\"https:\/\/www.sdis57.fr\/home\/index.php\/2024\/10\/11\/une-nouvelle-caserne-pour-les-sapeurs-pompiers-de-guenange-et-illange-dici-2027\/\" aria-label=\"En savoir plus sur Un contrat local d&rsquo;engagement pour p\u00e9renniser le volontariat de sapeurs-pompiers.\" tabindex=\"-1\" >\n\t\t\tLire la suite \u00bb\t\t<\/a>\n\n\t\t\t\t<\/div>\n\t\t\t\t<div class=\"elementor-post__meta-data\">\n\t\t\t\t\t<span class=\"elementor-post-date\">\n\t\t\t11 octobre 2024\t\t<\/span>\n\t\t\t\t<\/div>\n\t\t\t\t\t<\/div>\n\t\t<\/article>\n\t\t\t\t<\/div>\n\t\t\n\t\t\t\t\t\t<\/div>\n\t\t\t\t<\/div>\n\t\t\t\t\t<\/div>\n\t\t\t\t<\/div>\n\t\t\t\t<\/div>\n\t\t","protected":false},"excerpt":{"rendered":"<p>Actualit\u00e9s Retrouvez sur cette page les derni\u00e8res actualit\u00e9s du Service d\u00e9partemental d&rsquo;incendie et de secours de la Moselle.<\/p>\n","protected":false},"author":1,"featured_media":0,"parent":0,"menu_order":0,"comment_status":"closed","ping_status":"closed","template":"elementor_header_footer","meta":{"_monsterinsights_skip_tracking":false,"_monsterinsights_sitenote_active":false,"_monsterinsights_sitenote_note":"","_monsterinsights_sitenote_category":0,"footnotes":""},"class_list":["post-2398","page","type-page","status-publish","hentry"],"yoast_head":"<!-- This site is optimized with the Yoast SEO plugin v27.1.1 - https:\/\/yoast.com\/product\/yoast-seo-wordpress\/ -->\n<title>Actualit\u00e9s - SDIS 57 - Sapeurs-pompiers de la Moselle<\/title>\n<meta name=\"description\" content=\"Retrouvez les d\u00e9lib\u00e9rations du conseil d&#039;administration du Service D\u00e9partemental d&#039;Incendie et de Secours de la Moselle.\" \/>\n<meta name=\"robots\" content=\"index, follow, max-snippet:-1, max-image-preview:large, max-video-preview:-1\" \/>\n<link rel=\"canonical\" href=\"https:\/\/www.sdis57.fr\/home\/index.php\/actualites\/\" \/>\n<meta property=\"og:locale\" content=\"fr_FR\" \/>\n<meta property=\"og:type\" content=\"article\" \/>\n<meta property=\"og:title\" content=\"Actualit\u00e9s - SDIS 57 - Sapeurs-pompiers de la Moselle\" \/>\n<meta property=\"og:description\" content=\"Retrouvez les d\u00e9lib\u00e9rations du conseil d&#039;administration du Service D\u00e9partemental d&#039;Incendie et de Secours de la Moselle.\" \/>\n<meta property=\"og:url\" content=\"https:\/\/www.sdis57.fr\/home\/index.php\/actualites\/\" \/>\n<meta property=\"og:site_name\" content=\"SDIS 57 - Sapeurs-pompiers de la Moselle\" \/>\n<meta property=\"article:publisher\" content=\"https:\/\/www.facebook.com\/sdis57Officiel\" \/>\n<meta property=\"article:modified_time\" content=\"2024-07-04T09:34:57+00:00\" \/>\n<meta name=\"twitter:card\" content=\"summary_large_image\" \/>\n<meta name=\"twitter:site\" content=\"@SDIS57\" \/>\n<meta name=\"twitter:label1\" content=\"Dur\u00e9e de lecture estim\u00e9e\" \/>\n\t<meta name=\"twitter:data1\" content=\"1 minute\" \/>\n<script type=\"application\/ld+json\" class=\"yoast-schema-graph\">{\"@context\":\"https:\/\/schema.org\",\"@graph\":[{\"@type\":\"WebPage\",\"@id\":\"https:\/\/www.sdis57.fr\/home\/index.php\/actualites\/\",\"url\":\"https:\/\/www.sdis57.fr\/home\/index.php\/actualites\/\",\"name\":\"Actualit\u00e9s - SDIS 57 - Sapeurs-pompiers de la Moselle\",\"isPartOf\":{\"@id\":\"https:\/\/www.sdis57.fr\/home\/#website\"},\"datePublished\":\"2024-03-13T10:59:11+00:00\",\"dateModified\":\"2024-07-04T09:34:57+00:00\",\"description\":\"Retrouvez les d\u00e9lib\u00e9rations du conseil d'administration du Service D\u00e9partemental d'Incendie et de Secours de la Moselle.\",\"breadcrumb\":{\"@id\":\"https:\/\/www.sdis57.fr\/home\/index.php\/actualites\/#breadcrumb\"},\"inLanguage\":\"fr-FR\",\"potentialAction\":[{\"@type\":\"ReadAction\",\"target\":[\"https:\/\/www.sdis57.fr\/home\/index.php\/actualites\/\"]}]},{\"@type\":\"BreadcrumbList\",\"@id\":\"https:\/\/www.sdis57.fr\/home\/index.php\/actualites\/#breadcrumb\",\"itemListElement\":[{\"@type\":\"ListItem\",\"position\":1,\"name\":\"Home\",\"item\":\"https:\/\/www.sdis57.fr\/home\/\"},{\"@type\":\"ListItem\",\"position\":2,\"name\":\"Actualit\u00e9s\"}]},{\"@type\":\"WebSite\",\"@id\":\"https:\/\/www.sdis57.fr\/home\/#website\",\"url\":\"https:\/\/www.sdis57.fr\/home\/\",\"name\":\"SAPEURS-POMPIERS DE LA MOSELLE\",\"description\":\"\u00c0 vos c\u00f4t\u00e9s au quotidien !\",\"publisher\":{\"@id\":\"https:\/\/www.sdis57.fr\/home\/#organization\"},\"potentialAction\":[{\"@type\":\"SearchAction\",\"target\":{\"@type\":\"EntryPoint\",\"urlTemplate\":\"https:\/\/www.sdis57.fr\/home\/?s={search_term_string}\"},\"query-input\":{\"@type\":\"PropertyValueSpecification\",\"valueRequired\":true,\"valueName\":\"search_term_string\"}}],\"inLanguage\":\"fr-FR\"},{\"@type\":\"Organization\",\"@id\":\"https:\/\/www.sdis57.fr\/home\/#organization\",\"name\":\"SAPEURS-POMPIERS DE LA MOSELLE\",\"url\":\"https:\/\/www.sdis57.fr\/home\/\",\"logo\":{\"@type\":\"ImageObject\",\"inLanguage\":\"fr-FR\",\"@id\":\"https:\/\/www.sdis57.fr\/home\/#\/schema\/logo\/image\/\",\"url\":\"https:\/\/www.sdis57.fr\/home\/wp-content\/uploads\/2023\/09\/Logo_SDIS_57.png\",\"contentUrl\":\"https:\/\/www.sdis57.fr\/home\/wp-content\/uploads\/2023\/09\/Logo_SDIS_57.png\",\"width\":970,\"height\":882,\"caption\":\"SAPEURS-POMPIERS DE LA MOSELLE\"},\"image\":{\"@id\":\"https:\/\/www.sdis57.fr\/home\/#\/schema\/logo\/image\/\"},\"sameAs\":[\"https:\/\/www.facebook.com\/sdis57Officiel\",\"https:\/\/x.com\/SDIS57\",\"https:\/\/www.linkedin.com\/company\/sdis-57-sapeurs-pompiers-de-la-moselle\/\"]}]}<\/script>\n<!-- \/ Yoast SEO plugin. -->","yoast_head_json":{"title":"Actualit\u00e9s - SDIS 57 - Sapeurs-pompiers de la Moselle","description":"Retrouvez les d\u00e9lib\u00e9rations du conseil d'administration du Service D\u00e9partemental d'Incendie et de Secours de la Moselle.","robots":{"index":"index","follow":"follow","max-snippet":"max-snippet:-1","max-image-preview":"max-image-preview:large","max-video-preview":"max-video-preview:-1"},"canonical":"https:\/\/www.sdis57.fr\/home\/index.php\/actualites\/","og_locale":"fr_FR","og_type":"article","og_title":"Actualit\u00e9s - SDIS 57 - Sapeurs-pompiers de la Moselle","og_description":"Retrouvez les d\u00e9lib\u00e9rations du conseil d'administration du Service D\u00e9partemental d'Incendie et de Secours de la Moselle.","og_url":"https:\/\/www.sdis57.fr\/home\/index.php\/actualites\/","og_site_name":"SDIS 57 - Sapeurs-pompiers de la Moselle","article_publisher":"https:\/\/www.facebook.com\/sdis57Officiel","article_modified_time":"2024-07-04T09:34:57+00:00","twitter_card":"summary_large_image","twitter_site":"@SDIS57","twitter_misc":{"Dur\u00e9e de lecture estim\u00e9e":"1 minute"},"schema":{"@context":"https:\/\/schema.org","@graph":[{"@type":"WebPage","@id":"https:\/\/www.sdis57.fr\/home\/index.php\/actualites\/","url":"https:\/\/www.sdis57.fr\/home\/index.php\/actualites\/","name":"Actualit\u00e9s - SDIS 57 - Sapeurs-pompiers de la Moselle","isPartOf":{"@id":"https:\/\/www.sdis57.fr\/home\/#website"},"datePublished":"2024-03-13T10:59:11+00:00","dateModified":"2024-07-04T09:34:57+00:00","description":"Retrouvez les d\u00e9lib\u00e9rations du conseil d'administration du Service D\u00e9partemental d'Incendie et de Secours de la Moselle.","breadcrumb":{"@id":"https:\/\/www.sdis57.fr\/home\/index.php\/actualites\/#breadcrumb"},"inLanguage":"fr-FR","potentialAction":[{"@type":"ReadAction","target":["https:\/\/www.sdis57.fr\/home\/index.php\/actualites\/"]}]},{"@type":"BreadcrumbList","@id":"https:\/\/www.sdis57.fr\/home\/index.php\/actualites\/#breadcrumb","itemListElement":[{"@type":"ListItem","position":1,"name":"Home","item":"https:\/\/www.sdis57.fr\/home\/"},{"@type":"ListItem","position":2,"name":"Actualit\u00e9s"}]},{"@type":"WebSite","@id":"https:\/\/www.sdis57.fr\/home\/#website","url":"https:\/\/www.sdis57.fr\/home\/","name":"SAPEURS-POMPIERS DE LA MOSELLE","description":"\u00c0 vos c\u00f4t\u00e9s au quotidien !","publisher":{"@id":"https:\/\/www.sdis57.fr\/home\/#organization"},"potentialAction":[{"@type":"SearchAction","target":{"@type":"EntryPoint","urlTemplate":"https:\/\/www.sdis57.fr\/home\/?s={search_term_string}"},"query-input":{"@type":"PropertyValueSpecification","valueRequired":true,"valueName":"search_term_string"}}],"inLanguage":"fr-FR"},{"@type":"Organization","@id":"https:\/\/www.sdis57.fr\/home\/#organization","name":"SAPEURS-POMPIERS DE LA MOSELLE","url":"https:\/\/www.sdis57.fr\/home\/","logo":{"@type":"ImageObject","inLanguage":"fr-FR","@id":"https:\/\/www.sdis57.fr\/home\/#\/schema\/logo\/image\/","url":"https:\/\/www.sdis57.fr\/home\/wp-content\/uploads\/2023\/09\/Logo_SDIS_57.png","contentUrl":"https:\/\/www.sdis57.fr\/home\/wp-content\/uploads\/2023\/09\/Logo_SDIS_57.png","width":970,"height":882,"caption":"SAPEURS-POMPIERS DE LA MOSELLE"},"image":{"@id":"https:\/\/www.sdis57.fr\/home\/#\/schema\/logo\/image\/"},"sameAs":["https:\/\/www.facebook.com\/sdis57Officiel","https:\/\/x.com\/SDIS57","https:\/\/www.linkedin.com\/company\/sdis-57-sapeurs-pompiers-de-la-moselle\/"]}]}},"_links":{"self":[{"href":"https:\/\/www.sdis57.fr\/home\/index.php\/wp-json\/wp\/v2\/pages\/2398","targetHints":{"allow":["GET"]}}],"collection":[{"href":"https:\/\/www.sdis57.fr\/home\/index.php\/wp-json\/wp\/v2\/pages"}],"about":[{"href":"https:\/\/www.sdis57.fr\/home\/index.php\/wp-json\/wp\/v2\/types\/page"}],"author":[{"embeddable":true,"href":"https:\/\/www.sdis57.fr\/home\/index.php\/wp-json\/wp\/v2\/users\/1"}],"replies":[{"embeddable":true,"href":"https:\/\/www.sdis57.fr\/home\/index.php\/wp-json\/wp\/v2\/comments?post=2398"}],"version-history":[{"count":25,"href":"https:\/\/www.sdis57.fr\/home\/index.php\/wp-json\/wp\/v2\/pages\/2398\/revisions"}],"predecessor-version":[{"id":5170,"href":"https:\/\/www.sdis57.fr\/home\/index.php\/wp-json\/wp\/v2\/pages\/2398\/revisions\/5170"}],"wp:attachment":[{"href":"https:\/\/www.sdis57.fr\/home\/index.php\/wp-json\/wp\/v2\/media?parent=2398"}],"curies":[{"name":"wp","href":"https:\/\/api.w.org\/{rel}","templated":true}]}}